{"id":1516,"date":"2012-05-03T00:18:13","date_gmt":"2012-05-02T22:18:13","guid":{"rendered":"http:\/\/couven-museum.de\/?page_id=1516"},"modified":"2019-09-05T15:44:19","modified_gmt":"2019-09-05T13:44:19","slug":"museum","status":"publish","type":"page","link":"https:\/\/couven-museum.de\/fr\/_old\/museum\/","title":{"rendered":"Mus\u00e9e"},"content":{"rendered":"<p>Depuis 1958, l\u2019\u00e9difice, aujourd\u2019hui appel\u00e9 \u00ab Maison Monheim \u00bb et situ\u00e9 dans le centre historique de la ville d\u2019Aix-la-Chapelle, est un lieu d\u2019exposition t\u00e9moignant de fa\u00e7on particuli\u00e8rement r\u00e9aliste du style d\u2019habitat grand bourgeois. Les salles constituent un ensemble coh\u00e9rent des diff\u00e9rents styles d\u2019am\u00e9nagement allant du rococo en passant par le classicisme Louis XVI et le style Empire napol\u00e9onien jusqu\u2019au Biedermeier.<\/p>\n<p>Une somptueuse s\u00e9lection de pi\u00e8ces d\u2019argenterie du XVIIIe si\u00e8cle est par exemple pr\u00e9sent\u00e9 dans une grande vitrine. Le mat\u00e9riel pratique de cuisine \u2013 torr\u00e9facteurs, moulins \u00e0 caf\u00e9 et vaisselle de porcelaine \u2013 rappelle le fait que les boissons de luxe que repr\u00e9sentaient le caf\u00e9, le th\u00e9 et le cacao au XVIIIe si\u00e8cle faisaient \u00e9galement partie du quotidien bourgeois. En 1857, un chocolatier italien fabriqua la premi\u00e8re tablette de chocolat d\u2019Allemagne dans la Maison Monheim.<\/p>\n","protected":false},"excerpt":{"rendered":"<p>Du style rococo en passant par le style Empire napol\u00e9onien jusqu\u2019au Biedermeier \u2013 le mus\u00e9e Couven pr\u00e9sente le style de vie et d\u2019habitat bourgeois au coeur d\u2019Aix-la-Chapelle.<\/p>\n","protected":false},"author":1,"featured_media":2116,"parent":5707,"menu_order":84,"comment_status":"closed","ping_status":"closed","template":"","meta":{"_acf_changed":false,"inline_featured_image":false,"_lmt_disableupdate":"","_lmt_disable":"","footnotes":""},"categories":[],"tags":[],"class_list":["post-1516","page","type-page","status-publish","has-post-thumbnail","hentry"],"acf":[],"yoast_head":"<!-- This site is optimized with the Yoast SEO plugin v27.2 - https:\/\/yoast.com\/product\/yoast-seo-wordpress\/ -->\n<title>Mus\u00e9e - Couven Museum<\/title>\n<meta name=\"robots\" content=\"index, follow, max-snippet:-1, max-image-preview:large, max-video-preview:-1\" \/>\n<link rel=\"canonical\" href=\"https:\/\/couven-museum.de\/_old\/museum-2\/\" \/>\n<meta property=\"og:locale\" content=\"fr_FR\" \/>\n<meta property=\"og:type\" content=\"article\" \/>\n<meta property=\"og:title\" content=\"Mus\u00e9e - Couven Museum\" \/>\n<meta property=\"og:description\" content=\"Du style rococo en passant par le style Empire napol\u00e9onien jusqu\u2019au Biedermeier \u2013 le mus\u00e9e Couven pr\u00e9sente le style de vie et d\u2019habitat bourgeois au coeur d\u2019Aix-la-Chapelle.\" \/>\n<meta property=\"og:url\" content=\"https:\/\/couven-museum.de\/_old\/museum-2\/\" \/>\n<meta property=\"og:site_name\" content=\"Couven Museum\" \/>\n<meta property=\"article:modified_time\" content=\"2019-09-05T13:44:19+00:00\" \/>\n<meta property=\"og:image\" content=\"https:\/\/couven-museum.de\/wp-content\/uploads\/2012\/05\/Empirezimmer_MG_2292-ps1475-Kopie.jpg\" \/>\n\t<meta property=\"og:image:width\" content=\"1181\" \/>\n\t<meta property=\"og:image:height\" content=\"788\" \/>\n\t<meta property=\"og:image:type\" content=\"image\/jpeg\" \/>\n<meta name=\"twitter:card\" content=\"summary_large_image\" \/>\n<meta name=\"twitter:label1\" content=\"Dur\u00e9e de lecture estim\u00e9e\" \/>\n\t<meta name=\"twitter:data1\" content=\"1 minute\" \/>\n<script type=\"application\/ld+json\" class=\"yoast-schema-graph\">{\"@context\":\"https:\/\/schema.org\",\"@graph\":[{\"@type\":\"WebPage\",\"@id\":\"https:\/\/couven-museum.de\/_old\/museum-2\/\",\"url\":\"https:\/\/couven-museum.de\/_old\/museum-2\/\",\"name\":\"Mus\u00e9e - Couven Museum\",\"isPartOf\":{\"@id\":\"https:\/\/couven-museum.de\/#website\"},\"primaryImageOfPage\":{\"@id\":\"https:\/\/couven-museum.de\/_old\/museum-2\/#primaryimage\"},\"image\":{\"@id\":\"https:\/\/couven-museum.de\/_old\/museum-2\/#primaryimage\"},\"thumbnailUrl\":\"https:\/\/couven-museum.de\/wp-content\/uploads\/2012\/05\/Empirezimmer_MG_2292-ps1475-Kopie.jpg\",\"datePublished\":\"2012-05-02T22:18:13+00:00\",\"dateModified\":\"2019-09-05T13:44:19+00:00\",\"breadcrumb\":{\"@id\":\"https:\/\/couven-museum.de\/_old\/museum-2\/#breadcrumb\"},\"inLanguage\":\"fr-FR\",\"potentialAction\":[{\"@type\":\"ReadAction\",\"target\":[\"https:\/\/couven-museum.de\/_old\/museum-2\/\"]}]},{\"@type\":\"ImageObject\",\"inLanguage\":\"fr-FR\",\"@id\":\"https:\/\/couven-museum.de\/_old\/museum-2\/#primaryimage\",\"url\":\"https:\/\/couven-museum.de\/wp-content\/uploads\/2012\/05\/Empirezimmer_MG_2292-ps1475-Kopie.jpg\",\"contentUrl\":\"https:\/\/couven-museum.de\/wp-content\/uploads\/2012\/05\/Empirezimmer_MG_2292-ps1475-Kopie.jpg\",\"width\":1181,\"height\":788,\"caption\":\"Empirezimmer Foto Couven Museum\"},{\"@type\":\"BreadcrumbList\",\"@id\":\"https:\/\/couven-museum.de\/_old\/museum-2\/#breadcrumb\",\"itemListElement\":[{\"@type\":\"ListItem\",\"position\":1,\"name\":\"Startseite\",\"item\":\"https:\/\/couven-museum.de\/fr\/\"},{\"@type\":\"ListItem\",\"position\":2,\"name\":\"_old\",\"item\":\"https:\/\/couven-museum.de\/_old\/\"},{\"@type\":\"ListItem\",\"position\":3,\"name\":\"Mus\u00e9e\"}]},{\"@type\":\"WebSite\",\"@id\":\"https:\/\/couven-museum.de\/#website\",\"url\":\"https:\/\/couven-museum.de\/\",\"name\":\"Couven Museum\",\"description\":\"Couven-Museum Aachen\",\"potentialAction\":[{\"@type\":\"SearchAction\",\"target\":{\"@type\":\"EntryPoint\",\"urlTemplate\":\"https:\/\/couven-museum.de\/?s={search_term_string}\"},\"query-input\":{\"@type\":\"PropertyValueSpecification\",\"valueRequired\":true,\"valueName\":\"search_term_string\"}}],\"inLanguage\":\"fr-FR\"}]}<\/script>\n<!-- \/ Yoast SEO plugin. -->","yoast_head_json":{"title":"Mus\u00e9e - Couven Museum","robots":{"index":"index","follow":"follow","max-snippet":"max-snippet:-1","max-image-preview":"max-image-preview:large","max-video-preview":"max-video-preview:-1"},"canonical":"https:\/\/couven-museum.de\/_old\/museum-2\/","og_locale":"fr_FR","og_type":"article","og_title":"Mus\u00e9e - Couven Museum","og_description":"Du style rococo en passant par le style Empire napol\u00e9onien jusqu\u2019au Biedermeier \u2013 le mus\u00e9e Couven pr\u00e9sente le style de vie et d\u2019habitat bourgeois au coeur d\u2019Aix-la-Chapelle.","og_url":"https:\/\/couven-museum.de\/_old\/museum-2\/","og_site_name":"Couven Museum","article_modified_time":"2019-09-05T13:44:19+00:00","og_image":[{"width":1181,"height":788,"url":"https:\/\/couven-museum.de\/wp-content\/uploads\/2012\/05\/Empirezimmer_MG_2292-ps1475-Kopie.jpg","type":"image\/jpeg"}],"twitter_card":"summary_large_image","twitter_misc":{"Dur\u00e9e de lecture estim\u00e9e":"1 minute"},"schema":{"@context":"https:\/\/schema.org","@graph":[{"@type":"WebPage","@id":"https:\/\/couven-museum.de\/_old\/museum-2\/","url":"https:\/\/couven-museum.de\/_old\/museum-2\/","name":"Mus\u00e9e - Couven Museum","isPartOf":{"@id":"https:\/\/couven-museum.de\/#website"},"primaryImageOfPage":{"@id":"https:\/\/couven-museum.de\/_old\/museum-2\/#primaryimage"},"image":{"@id":"https:\/\/couven-museum.de\/_old\/museum-2\/#primaryimage"},"thumbnailUrl":"https:\/\/couven-museum.de\/wp-content\/uploads\/2012\/05\/Empirezimmer_MG_2292-ps1475-Kopie.jpg","datePublished":"2012-05-02T22:18:13+00:00","dateModified":"2019-09-05T13:44:19+00:00","breadcrumb":{"@id":"https:\/\/couven-museum.de\/_old\/museum-2\/#breadcrumb"},"inLanguage":"fr-FR","potentialAction":[{"@type":"ReadAction","target":["https:\/\/couven-museum.de\/_old\/museum-2\/"]}]},{"@type":"ImageObject","inLanguage":"fr-FR","@id":"https:\/\/couven-museum.de\/_old\/museum-2\/#primaryimage","url":"https:\/\/couven-museum.de\/wp-content\/uploads\/2012\/05\/Empirezimmer_MG_2292-ps1475-Kopie.jpg","contentUrl":"https:\/\/couven-museum.de\/wp-content\/uploads\/2012\/05\/Empirezimmer_MG_2292-ps1475-Kopie.jpg","width":1181,"height":788,"caption":"Empirezimmer Foto Couven Museum"},{"@type":"BreadcrumbList","@id":"https:\/\/couven-museum.de\/_old\/museum-2\/#breadcrumb","itemListElement":[{"@type":"ListItem","position":1,"name":"Startseite","item":"https:\/\/couven-museum.de\/fr\/"},{"@type":"ListItem","position":2,"name":"_old","item":"https:\/\/couven-museum.de\/_old\/"},{"@type":"ListItem","position":3,"name":"Mus\u00e9e"}]},{"@type":"WebSite","@id":"https:\/\/couven-museum.de\/#website","url":"https:\/\/couven-museum.de\/","name":"Couven Museum","description":"Couven-Museum Aachen","potentialAction":[{"@type":"SearchAction","target":{"@type":"EntryPoint","urlTemplate":"https:\/\/couven-museum.de\/?s={search_term_string}"},"query-input":{"@type":"PropertyValueSpecification","valueRequired":true,"valueName":"search_term_string"}}],"inLanguage":"fr-FR"}]}},"_links":{"self":[{"href":"https:\/\/couven-museum.de\/fr\/wp-json\/wp\/v2\/pages\/1516","targetHints":{"allow":["GET"]}}],"collection":[{"href":"https:\/\/couven-museum.de\/fr\/wp-json\/wp\/v2\/pages"}],"about":[{"href":"https:\/\/couven-museum.de\/fr\/wp-json\/wp\/v2\/types\/page"}],"author":[{"embeddable":true,"href":"https:\/\/couven-museum.de\/fr\/wp-json\/wp\/v2\/users\/1"}],"replies":[{"embeddable":true,"href":"https:\/\/couven-museum.de\/fr\/wp-json\/wp\/v2\/comments?post=1516"}],"version-history":[{"count":0,"href":"https:\/\/couven-museum.de\/fr\/wp-json\/wp\/v2\/pages\/1516\/revisions"}],"up":[{"embeddable":true,"href":"https:\/\/couven-museum.de\/fr\/wp-json\/wp\/v2\/pages\/5707"}],"wp:featuredmedia":[{"embeddable":true,"href":"https:\/\/couven-museum.de\/fr\/wp-json\/wp\/v2\/media\/2116"}],"wp:attachment":[{"href":"https:\/\/couven-museum.de\/fr\/wp-json\/wp\/v2\/media?parent=1516"}],"wp:term":[{"taxonomy":"category","embeddable":true,"href":"https:\/\/couven-museum.de\/fr\/wp-json\/wp\/v2\/categories?post=1516"},{"taxonomy":"post_tag","embeddable":true,"href":"https:\/\/couven-museum.de\/fr\/wp-json\/wp\/v2\/tags?post=1516"}],"curies":[{"name":"wp","href":"https:\/\/api.w.org\/{rel}","templated":true}]}}