{"id":2638,"date":"2013-03-25T16:25:36","date_gmt":"2013-07-24T11:30:31","guid":{"rendered":"http:\/\/couven-museum.de\/event\/bienauchaud\/"},"modified":"2013-12-23T18:37:44","modified_gmt":"2013-12-23T17:37:44","slug":"bienauchaud","status":"publish","type":"tribe_events","link":"https:\/\/couven-museum.de\/fr\/event\/bienauchaud\/","title":{"rendered":"BienAuChaud"},"content":{"rendered":"<p>Avec cette exposition, le mus\u00e9e Couven se consacre \u00e0 l\u2019histoire de la culture et des techniques de chauffage.<\/p>\n<p>Les chemin\u00e9es somptueuses, po\u00eales raffin\u00e9s, pare-feux \u00e9l\u00e9gants et accessoires en laiton scintillants se pr\u00e9sentent dans la Maison Monheim comme des \u00e9l\u00e9ments d\u2019am\u00e9nagement int\u00e9rieur autant fonctionnels que repr\u00e9sentatifs.<\/p>\n<p>Les objets utiles et indispensables au quotidien tels que la \u00ab machine de cuisson \u00bb en fonte, le gaufrier, le chauffe-lit ou encore le fer \u00e0 repasser rel\u00e8vent \u00e9galement de l\u2019histoire des techniques de chauffage. La cuisini\u00e8re pour enfant et ses accessoires enl\u00e8vent les visiteurs dans l\u2019univers enfantin.<\/p>\n<p><a href=\"http:\/\/couven-museum.de\/wp-content\/uploads\/2013\/03\/bekroenung_pfau.jpg\"><img fetchpriority=\"high\" decoding=\"async\" class=\"alignnone size-full wp-image-875\" title=\"Ofenkachel, Winterthur, um 1700, Suermondt-Ludwig-Museum (Foto: Anne Gold)\" alt=\"\" src=\"http:\/\/couven-museum.de\/wp-content\/uploads\/2013\/03\/bekroenung_pfau.jpg\" width=\"425\" height=\"320\" srcset=\"https:\/\/couven-museum.de\/wp-content\/uploads\/2013\/03\/bekroenung_pfau.jpg 425w, https:\/\/couven-museum.de\/wp-content\/uploads\/2013\/03\/bekroenung_pfau-220x166.jpg 220w\" sizes=\"(max-width: 425px) 100vw, 425px\" \/><\/a><\/p>\n<div>\n<p>Pour la premi\u00e8re fois, le mus\u00e9e expose une selection d\u2019exemplaires de la collection tout juste entam\u00e9e de carreaux de po\u00eales datant de la Renaissance et de l\u2019\u00e9poque baroque. Ceux-ci offrent une vue d\u2019ensemble impressionnante sur les produits issus des grands centres d\u2019Europe centrale et l\u2019habilet\u00e9 des po\u00ealiers-fumistes. Au-del\u00e0 de l\u2019histoire de l\u2019art de la c\u00e9ramique de po\u00eale, de la fonte d\u2019art et de l\u2019am\u00e9nagement d\u2019int\u00e9rieur bourgeois, les aspects techniques de la construction de po\u00eales et de chemin\u00e9es sont mis en lumi\u00e8re. Ceux-ci t\u00e9moignent des d\u00e9buts du chauffage central tout comme des travaux pionniers de Hugo Junkers dans le domaine des chaudi\u00e8res \u00e0 gaz.<\/p>\n<p><a href=\"http:\/\/couven-museum.de\/wp-content\/uploads\/2013\/03\/GNM_Foto_M_Runge.jpg\"><img decoding=\"async\" class=\"alignnone size-full wp-image-876\" title=\"Ofenmodell, 3. Viertel 16. Jahrhundert, Germanisches Nationalmuseum N\u00fcrnberg (Foto: M. Runge)\" alt=\"\" src=\"http:\/\/couven-museum.de\/wp-content\/uploads\/2013\/03\/GNM_Foto_M_Runge.jpg\" width=\"383\" height=\"510\" srcset=\"https:\/\/couven-museum.de\/wp-content\/uploads\/2013\/03\/GNM_Foto_M_Runge.jpg 383w, https:\/\/couven-museum.de\/wp-content\/uploads\/2013\/03\/GNM_Foto_M_Runge-220x293.jpg 220w\" sizes=\"(max-width: 383px) 100vw, 383px\" \/><\/a><\/p>\n<p>Le programme de conf\u00e9rences accompagnant l\u2019exposition comprend des contributions sur l\u2019histoire et la culture ainsi que sur les questions actuelles concernant les techniques \u00e9nerg\u00e9tiques et la recherche sur le climat.<\/p>\n<p><a href=\"http:\/\/couven-museum.de\/wp-content\/uploads\/2013\/03\/Flyer-SchoenWarm.pdf\">B<\/a><a href=\"http:\/\/couven-museum.de\/wp-content\/uploads\/2013\/03\/Flyer-SchoenWarm.pdf\">rochure BienAuChaud<\/a><a href=\"http:\/\/couven-museum.de\/wp-content\/uploads\/2013\/03\/Katalog-SchoenWarm.pdf\">C<\/a><a href=\"http:\/\/couven-museum.de\/wp-content\/uploads\/2013\/03\/Katalog-SchoenWarm.pdf\">atalogue BienAuChaud<\/a><\/p>\n<p><a href=\"http:\/\/couven-museum.de\/wp-content\/uploads\/2013\/03\/Schulprogramm-SchoenWarm.pdf\">P<\/a><a href=\"http:\/\/couven-museum.de\/wp-content\/uploads\/2013\/03\/Schulprogramm-SchoenWarm.pdf\">rogramme scolaire BienAuChaud<\/a><\/p>\n<p><a href=\"http:\/\/couven-museum.de\/wp-content\/uploads\/2013\/03\/Veranstaltungen-SchoenWarm.pdf\">Manifestations BienAuChaud<\/a><\/p>\n<div><\/div>\n<\/div>\n","protected":false},"excerpt":{"rendered":"<p>La culture du chauffage entre la Renaissance et l\u2019Empire. Chemin\u00e9es somptueuses, po\u00eales raffin\u00e9s, pare-feux \u00e9l\u00e9gants et accessoires en laiton scintillants<\/p>\n","protected":false},"author":1,"featured_media":802,"template":"","meta":{"_acf_changed":false,"inline_featured_image":false,"_lmt_disableupdate":"","_lmt_disable":"","_tribe_events_status":"","_tribe_events_status_reason":"","_tribe_events_is_hybrid":"","_tribe_events_is_virtual":"","_tribe_events_virtual_video_source":"","_tribe_events_virtual_embed_video":"","_tribe_events_virtual_linked_button_text":"","_tribe_events_virtual_linked_button":"","_tribe_events_virtual_show_embed_at":"","_tribe_events_virtual_show_embed_to":[],"_tribe_events_virtual_show_on_event":"","_tribe_events_virtual_show_on_views":"","_tribe_events_virtual_url":"","footnotes":""},"tags":[],"tribe_events_cat":[17],"class_list":["post-2638","tribe_events","type-tribe_events","status-publish","has-post-thumbnail","hentry","tribe_events_cat-ausstellungen-fr","cat_ausstellungen-fr"],"acf":[],"yoast_head":"<!-- This site is optimized with the Yoast SEO plugin v27.2 - https:\/\/yoast.com\/product\/yoast-seo-wordpress\/ -->\n<title>BienAuChaud - Couven Museum<\/title>\n<meta name=\"robots\" content=\"index, follow, max-snippet:-1, max-image-preview:large, max-video-preview:-1\" \/>\n<link rel=\"canonical\" href=\"https:\/\/couven-museum.de\/fr\/event\/bienauchaud\/\" \/>\n<meta property=\"og:locale\" content=\"fr_FR\" \/>\n<meta property=\"og:type\" content=\"article\" \/>\n<meta property=\"og:title\" content=\"BienAuChaud - Couven Museum\" \/>\n<meta property=\"og:description\" content=\"La culture du chauffage entre la Renaissance et l\u2019Empire. Chemin\u00e9es somptueuses, po\u00eales raffin\u00e9s, pare-feux \u00e9l\u00e9gants et accessoires en laiton scintillants\" \/>\n<meta property=\"og:url\" content=\"https:\/\/couven-museum.de\/fr\/event\/bienauchaud\/\" \/>\n<meta property=\"og:site_name\" content=\"Couven Museum\" \/>\n<meta property=\"article:modified_time\" content=\"2013-12-23T17:37:44+00:00\" \/>\n<meta property=\"og:image\" content=\"https:\/\/couven-museum.de\/wp-content\/uploads\/2013\/03\/ofen_Anne_Gold.jpg\" \/>\n\t<meta property=\"og:image:width\" content=\"383\" \/>\n\t<meta property=\"og:image:height\" content=\"484\" \/>\n\t<meta property=\"og:image:type\" content=\"image\/jpeg\" \/>\n<meta name=\"twitter:card\" content=\"summary_large_image\" \/>\n<meta name=\"twitter:label1\" content=\"Dur\u00e9e de lecture estim\u00e9e\" \/>\n\t<meta name=\"twitter:data1\" content=\"1 minute\" \/>\n<script type=\"application\/ld+json\" class=\"yoast-schema-graph\">{\"@context\":\"https:\/\/schema.org\",\"@graph\":[{\"@type\":\"WebPage\",\"@id\":\"https:\/\/couven-museum.de\/fr\/event\/bienauchaud\/\",\"url\":\"https:\/\/couven-museum.de\/fr\/event\/bienauchaud\/\",\"name\":\"BienAuChaud - Couven Museum\",\"isPartOf\":{\"@id\":\"https:\/\/couven-museum.de\/#website\"},\"primaryImageOfPage\":{\"@id\":\"https:\/\/couven-museum.de\/fr\/event\/bienauchaud\/#primaryimage\"},\"image\":{\"@id\":\"https:\/\/couven-museum.de\/fr\/event\/bienauchaud\/#primaryimage\"},\"thumbnailUrl\":\"https:\/\/couven-museum.de\/wp-content\/uploads\/2013\/03\/ofen_Anne_Gold.jpg\",\"datePublished\":\"2013-07-24T11:30:31+00:00\",\"dateModified\":\"2013-12-23T17:37:44+00:00\",\"breadcrumb\":{\"@id\":\"https:\/\/couven-museum.de\/fr\/event\/bienauchaud\/#breadcrumb\"},\"inLanguage\":\"fr-FR\",\"potentialAction\":[{\"@type\":\"ReadAction\",\"target\":[\"https:\/\/couven-museum.de\/fr\/event\/bienauchaud\/\"]}]},{\"@type\":\"ImageObject\",\"inLanguage\":\"fr-FR\",\"@id\":\"https:\/\/couven-museum.de\/fr\/event\/bienauchaud\/#primaryimage\",\"url\":\"https:\/\/couven-museum.de\/wp-content\/uploads\/2013\/03\/ofen_Anne_Gold.jpg\",\"contentUrl\":\"https:\/\/couven-museum.de\/wp-content\/uploads\/2013\/03\/ofen_Anne_Gold.jpg\",\"width\":383,\"height\":484},{\"@type\":\"BreadcrumbList\",\"@id\":\"https:\/\/couven-museum.de\/fr\/event\/bienauchaud\/#breadcrumb\",\"itemListElement\":[{\"@type\":\"ListItem\",\"position\":1,\"name\":\"Startseite\",\"item\":\"https:\/\/couven-museum.de\/fr\/\"},{\"@type\":\"ListItem\",\"position\":2,\"name\":\"Veranstaltungen\",\"item\":\"https:\/\/couven-museum.de\/events\/\"},{\"@type\":\"ListItem\",\"position\":3,\"name\":\"BienAuChaud\"}]},{\"@type\":\"WebSite\",\"@id\":\"https:\/\/couven-museum.de\/#website\",\"url\":\"https:\/\/couven-museum.de\/\",\"name\":\"Couven Museum\",\"description\":\"Couven-Museum Aachen\",\"potentialAction\":[{\"@type\":\"SearchAction\",\"target\":{\"@type\":\"EntryPoint\",\"urlTemplate\":\"https:\/\/couven-museum.de\/?s={search_term_string}\"},\"query-input\":{\"@type\":\"PropertyValueSpecification\",\"valueRequired\":true,\"valueName\":\"search_term_string\"}}],\"inLanguage\":\"fr-FR\"}]}<\/script>\n<!-- \/ Yoast SEO plugin. -->","yoast_head_json":{"title":"BienAuChaud - Couven Museum","robots":{"index":"index","follow":"follow","max-snippet":"max-snippet:-1","max-image-preview":"max-image-preview:large","max-video-preview":"max-video-preview:-1"},"canonical":"https:\/\/couven-museum.de\/fr\/event\/bienauchaud\/","og_locale":"fr_FR","og_type":"article","og_title":"BienAuChaud - Couven Museum","og_description":"La culture du chauffage entre la Renaissance et l\u2019Empire. Chemin\u00e9es somptueuses, po\u00eales raffin\u00e9s, pare-feux \u00e9l\u00e9gants et accessoires en laiton scintillants","og_url":"https:\/\/couven-museum.de\/fr\/event\/bienauchaud\/","og_site_name":"Couven Museum","article_modified_time":"2013-12-23T17:37:44+00:00","og_image":[{"width":383,"height":484,"url":"https:\/\/couven-museum.de\/wp-content\/uploads\/2013\/03\/ofen_Anne_Gold.jpg","type":"image\/jpeg"}],"twitter_card":"summary_large_image","twitter_misc":{"Dur\u00e9e de lecture estim\u00e9e":"1 minute"},"schema":{"@context":"https:\/\/schema.org","@graph":[{"@type":"WebPage","@id":"https:\/\/couven-museum.de\/fr\/event\/bienauchaud\/","url":"https:\/\/couven-museum.de\/fr\/event\/bienauchaud\/","name":"BienAuChaud - Couven Museum","isPartOf":{"@id":"https:\/\/couven-museum.de\/#website"},"primaryImageOfPage":{"@id":"https:\/\/couven-museum.de\/fr\/event\/bienauchaud\/#primaryimage"},"image":{"@id":"https:\/\/couven-museum.de\/fr\/event\/bienauchaud\/#primaryimage"},"thumbnailUrl":"https:\/\/couven-museum.de\/wp-content\/uploads\/2013\/03\/ofen_Anne_Gold.jpg","datePublished":"2013-07-24T11:30:31+00:00","dateModified":"2013-12-23T17:37:44+00:00","breadcrumb":{"@id":"https:\/\/couven-museum.de\/fr\/event\/bienauchaud\/#breadcrumb"},"inLanguage":"fr-FR","potentialAction":[{"@type":"ReadAction","target":["https:\/\/couven-museum.de\/fr\/event\/bienauchaud\/"]}]},{"@type":"ImageObject","inLanguage":"fr-FR","@id":"https:\/\/couven-museum.de\/fr\/event\/bienauchaud\/#primaryimage","url":"https:\/\/couven-museum.de\/wp-content\/uploads\/2013\/03\/ofen_Anne_Gold.jpg","contentUrl":"https:\/\/couven-museum.de\/wp-content\/uploads\/2013\/03\/ofen_Anne_Gold.jpg","width":383,"height":484},{"@type":"BreadcrumbList","@id":"https:\/\/couven-museum.de\/fr\/event\/bienauchaud\/#breadcrumb","itemListElement":[{"@type":"ListItem","position":1,"name":"Startseite","item":"https:\/\/couven-museum.de\/fr\/"},{"@type":"ListItem","position":2,"name":"Veranstaltungen","item":"https:\/\/couven-museum.de\/events\/"},{"@type":"ListItem","position":3,"name":"BienAuChaud"}]},{"@type":"WebSite","@id":"https:\/\/couven-museum.de\/#website","url":"https:\/\/couven-museum.de\/","name":"Couven Museum","description":"Couven-Museum Aachen","potentialAction":[{"@type":"SearchAction","target":{"@type":"EntryPoint","urlTemplate":"https:\/\/couven-museum.de\/?s={search_term_string}"},"query-input":{"@type":"PropertyValueSpecification","valueRequired":true,"valueName":"search_term_string"}}],"inLanguage":"fr-FR"}]}},"_links":{"self":[{"href":"https:\/\/couven-museum.de\/fr\/wp-json\/wp\/v2\/tribe_events\/2638","targetHints":{"allow":["GET"]}}],"collection":[{"href":"https:\/\/couven-museum.de\/fr\/wp-json\/wp\/v2\/tribe_events"}],"about":[{"href":"https:\/\/couven-museum.de\/fr\/wp-json\/wp\/v2\/types\/tribe_events"}],"author":[{"embeddable":true,"href":"https:\/\/couven-museum.de\/fr\/wp-json\/wp\/v2\/users\/1"}],"version-history":[{"count":0,"href":"https:\/\/couven-museum.de\/fr\/wp-json\/wp\/v2\/tribe_events\/2638\/revisions"}],"wp:featuredmedia":[{"embeddable":true,"href":"https:\/\/couven-museum.de\/fr\/wp-json\/wp\/v2\/media\/802"}],"wp:attachment":[{"href":"https:\/\/couven-museum.de\/fr\/wp-json\/wp\/v2\/media?parent=2638"}],"wp:term":[{"taxonomy":"post_tag","embeddable":true,"href":"https:\/\/couven-museum.de\/fr\/wp-json\/wp\/v2\/tags?post=2638"},{"taxonomy":"tribe_events_cat","embeddable":true,"href":"https:\/\/couven-museum.de\/fr\/wp-json\/wp\/v2\/tribe_events_cat?post=2638"}],"curies":[{"name":"wp","href":"https:\/\/api.w.org\/{rel}","templated":true}]}}