{"id":2654,"date":"2013-03-21T17:55:29","date_gmt":"2013-07-24T12:11:10","guid":{"rendered":"http:\/\/couven-museum.de\/event\/500-ans-declat-commun\/"},"modified":"2013-12-23T18:37:44","modified_gmt":"2013-12-23T17:37:44","slug":"500-ans-declat-commun","status":"publish","type":"tribe_events","link":"https:\/\/couven-museum.de\/fr\/event\/500-ans-declat-commun\/","title":{"rendered":"500 ans d\u2019\u00e9clat commun"},"content":{"rendered":"<p>La corporation des orf\u00e8vres d\u2019Aix-la-Chapelle f\u00eate cette ann\u00e9e ses 500 ans. Le mus\u00e9e Couven participe au programme des festivit\u00e9s. Il constitue l\u2019une des trois \u00e9tapes et montre des travaux profanes issus d\u2019ateliers aixois. L\u2019exposition de la corporation des orf\u00e8vres se trouve dans la Caisse d\u2019\u00e9pargne (Sparkasse) d\u2019Aix-la-Chapelle, celle des travaux sacr\u00e9s dans la salle du tr\u00e9sor de la cath\u00e9drale d\u2019Aix-la-Chapelle.<\/p>\n<p>Le programme s\u2019\u00e9tend des anciens orf\u00e8vres et entreprises familiales aixois connus (von Rodt, von Orsbach, Joh. Theod. Cremer, Hub. Moeren) en passant par les ateliers de l\u2019\u00e9poque historiciste jusqu\u2019aux ma\u00eetres orf\u00e8vres de la p\u00e9riode actuelle. Parmi les \u0153uvres expos\u00e9es, on trouve des milieux de table ainsi que des couverts, des coupes d\u00e9coratives, des colliers corporatifs, des m\u00e9dailles de tireur, tout comme des bijoux.<\/p>\n<p>Pr\u00e9sentation : le 8 octobre 2010 de 17 \u00e0 18 heures<\/p>\n","protected":false},"excerpt":{"rendered":"<p>Orf\u00e8vrerie profane historique. La corporation des orf\u00e8vres d\u2019Aix-la-Chapelle f\u00eate cette ann\u00e9e ses 500 ans. Le mus\u00e9e Couven participe au programme des festivit\u00e9s.<\/p>\n","protected":false},"author":1,"featured_media":1155,"template":"","meta":{"_acf_changed":false,"inline_featured_image":false,"_lmt_disableupdate":"","_lmt_disable":"","_tribe_events_status":"","_tribe_events_status_reason":"","_tribe_events_is_hybrid":"","_tribe_events_is_virtual":"","_tribe_events_virtual_video_source":"","_tribe_events_virtual_embed_video":"","_tribe_events_virtual_linked_button_text":"","_tribe_events_virtual_linked_button":"","_tribe_events_virtual_show_embed_at":"","_tribe_events_virtual_show_embed_to":[],"_tribe_events_virtual_show_on_event":"","_tribe_events_virtual_show_on_views":"","_tribe_events_virtual_url":"","footnotes":""},"tags":[],"tribe_events_cat":[17],"class_list":["post-2654","tribe_events","type-tribe_events","status-publish","has-post-thumbnail","hentry","tribe_events_cat-ausstellungen-fr","cat_ausstellungen-fr"],"acf":[],"yoast_head":"<!-- This site is optimized with the Yoast SEO plugin v27.2 - https:\/\/yoast.com\/product\/yoast-seo-wordpress\/ -->\n<title>500 ans d\u2019\u00e9clat commun - Couven Museum<\/title>\n<meta name=\"robots\" content=\"index, follow, max-snippet:-1, max-image-preview:large, max-video-preview:-1\" \/>\n<link rel=\"canonical\" href=\"https:\/\/couven-museum.de\/fr\/event\/500-ans-declat-commun\/\" \/>\n<meta property=\"og:locale\" content=\"fr_FR\" \/>\n<meta property=\"og:type\" content=\"article\" \/>\n<meta property=\"og:title\" content=\"500 ans d\u2019\u00e9clat commun - Couven Museum\" \/>\n<meta property=\"og:description\" content=\"Orf\u00e8vrerie profane historique. La corporation des orf\u00e8vres d\u2019Aix-la-Chapelle f\u00eate cette ann\u00e9e ses 500 ans. Le mus\u00e9e Couven participe au programme des festivit\u00e9s.\" \/>\n<meta property=\"og:url\" content=\"https:\/\/couven-museum.de\/fr\/event\/500-ans-declat-commun\/\" \/>\n<meta property=\"og:site_name\" content=\"Couven Museum\" \/>\n<meta property=\"article:modified_time\" content=\"2013-12-23T17:37:44+00:00\" \/>\n<meta property=\"og:image\" content=\"https:\/\/couven-museum.de\/wp-content\/uploads\/2013\/03\/Karlsbrunnen-Foto-Adam-C.-Oellers.jpg\" \/>\n\t<meta property=\"og:image:width\" content=\"700\" \/>\n\t<meta property=\"og:image:height\" content=\"1067\" \/>\n\t<meta property=\"og:image:type\" content=\"image\/jpeg\" \/>\n<meta name=\"twitter:card\" content=\"summary_large_image\" \/>\n<meta name=\"twitter:label1\" content=\"Dur\u00e9e de lecture estim\u00e9e\" \/>\n\t<meta name=\"twitter:data1\" content=\"1 minute\" \/>\n<script type=\"application\/ld+json\" class=\"yoast-schema-graph\">{\"@context\":\"https:\/\/schema.org\",\"@graph\":[{\"@type\":\"WebPage\",\"@id\":\"https:\/\/couven-museum.de\/fr\/event\/500-ans-declat-commun\/\",\"url\":\"https:\/\/couven-museum.de\/fr\/event\/500-ans-declat-commun\/\",\"name\":\"500 ans d\u2019\u00e9clat commun - Couven Museum\",\"isPartOf\":{\"@id\":\"https:\/\/couven-museum.de\/#website\"},\"primaryImageOfPage\":{\"@id\":\"https:\/\/couven-museum.de\/fr\/event\/500-ans-declat-commun\/#primaryimage\"},\"image\":{\"@id\":\"https:\/\/couven-museum.de\/fr\/event\/500-ans-declat-commun\/#primaryimage\"},\"thumbnailUrl\":\"https:\/\/couven-museum.de\/wp-content\/uploads\/2013\/03\/Karlsbrunnen-Foto-Adam-C.-Oellers.jpg\",\"datePublished\":\"2013-07-24T12:11:10+00:00\",\"dateModified\":\"2013-12-23T17:37:44+00:00\",\"breadcrumb\":{\"@id\":\"https:\/\/couven-museum.de\/fr\/event\/500-ans-declat-commun\/#breadcrumb\"},\"inLanguage\":\"fr-FR\",\"potentialAction\":[{\"@type\":\"ReadAction\",\"target\":[\"https:\/\/couven-museum.de\/fr\/event\/500-ans-declat-commun\/\"]}]},{\"@type\":\"ImageObject\",\"inLanguage\":\"fr-FR\",\"@id\":\"https:\/\/couven-museum.de\/fr\/event\/500-ans-declat-commun\/#primaryimage\",\"url\":\"https:\/\/couven-museum.de\/wp-content\/uploads\/2013\/03\/Karlsbrunnen-Foto-Adam-C.-Oellers.jpg\",\"contentUrl\":\"https:\/\/couven-museum.de\/wp-content\/uploads\/2013\/03\/Karlsbrunnen-Foto-Adam-C.-Oellers.jpg\",\"width\":700,\"height\":1067},{\"@type\":\"BreadcrumbList\",\"@id\":\"https:\/\/couven-museum.de\/fr\/event\/500-ans-declat-commun\/#breadcrumb\",\"itemListElement\":[{\"@type\":\"ListItem\",\"position\":1,\"name\":\"Startseite\",\"item\":\"https:\/\/couven-museum.de\/fr\/\"},{\"@type\":\"ListItem\",\"position\":2,\"name\":\"Veranstaltungen\",\"item\":\"https:\/\/couven-museum.de\/events\/\"},{\"@type\":\"ListItem\",\"position\":3,\"name\":\"500 ans d\u2019\u00e9clat commun\"}]},{\"@type\":\"WebSite\",\"@id\":\"https:\/\/couven-museum.de\/#website\",\"url\":\"https:\/\/couven-museum.de\/\",\"name\":\"Couven Museum\",\"description\":\"Couven-Museum Aachen\",\"potentialAction\":[{\"@type\":\"SearchAction\",\"target\":{\"@type\":\"EntryPoint\",\"urlTemplate\":\"https:\/\/couven-museum.de\/?s={search_term_string}\"},\"query-input\":{\"@type\":\"PropertyValueSpecification\",\"valueRequired\":true,\"valueName\":\"search_term_string\"}}],\"inLanguage\":\"fr-FR\"}]}<\/script>\n<!-- \/ Yoast SEO plugin. -->","yoast_head_json":{"title":"500 ans d\u2019\u00e9clat commun - Couven Museum","robots":{"index":"index","follow":"follow","max-snippet":"max-snippet:-1","max-image-preview":"max-image-preview:large","max-video-preview":"max-video-preview:-1"},"canonical":"https:\/\/couven-museum.de\/fr\/event\/500-ans-declat-commun\/","og_locale":"fr_FR","og_type":"article","og_title":"500 ans d\u2019\u00e9clat commun - Couven Museum","og_description":"Orf\u00e8vrerie profane historique. La corporation des orf\u00e8vres d\u2019Aix-la-Chapelle f\u00eate cette ann\u00e9e ses 500 ans. Le mus\u00e9e Couven participe au programme des festivit\u00e9s.","og_url":"https:\/\/couven-museum.de\/fr\/event\/500-ans-declat-commun\/","og_site_name":"Couven Museum","article_modified_time":"2013-12-23T17:37:44+00:00","og_image":[{"width":700,"height":1067,"url":"https:\/\/couven-museum.de\/wp-content\/uploads\/2013\/03\/Karlsbrunnen-Foto-Adam-C.-Oellers.jpg","type":"image\/jpeg"}],"twitter_card":"summary_large_image","twitter_misc":{"Dur\u00e9e de lecture estim\u00e9e":"1 minute"},"schema":{"@context":"https:\/\/schema.org","@graph":[{"@type":"WebPage","@id":"https:\/\/couven-museum.de\/fr\/event\/500-ans-declat-commun\/","url":"https:\/\/couven-museum.de\/fr\/event\/500-ans-declat-commun\/","name":"500 ans d\u2019\u00e9clat commun - Couven Museum","isPartOf":{"@id":"https:\/\/couven-museum.de\/#website"},"primaryImageOfPage":{"@id":"https:\/\/couven-museum.de\/fr\/event\/500-ans-declat-commun\/#primaryimage"},"image":{"@id":"https:\/\/couven-museum.de\/fr\/event\/500-ans-declat-commun\/#primaryimage"},"thumbnailUrl":"https:\/\/couven-museum.de\/wp-content\/uploads\/2013\/03\/Karlsbrunnen-Foto-Adam-C.-Oellers.jpg","datePublished":"2013-07-24T12:11:10+00:00","dateModified":"2013-12-23T17:37:44+00:00","breadcrumb":{"@id":"https:\/\/couven-museum.de\/fr\/event\/500-ans-declat-commun\/#breadcrumb"},"inLanguage":"fr-FR","potentialAction":[{"@type":"ReadAction","target":["https:\/\/couven-museum.de\/fr\/event\/500-ans-declat-commun\/"]}]},{"@type":"ImageObject","inLanguage":"fr-FR","@id":"https:\/\/couven-museum.de\/fr\/event\/500-ans-declat-commun\/#primaryimage","url":"https:\/\/couven-museum.de\/wp-content\/uploads\/2013\/03\/Karlsbrunnen-Foto-Adam-C.-Oellers.jpg","contentUrl":"https:\/\/couven-museum.de\/wp-content\/uploads\/2013\/03\/Karlsbrunnen-Foto-Adam-C.-Oellers.jpg","width":700,"height":1067},{"@type":"BreadcrumbList","@id":"https:\/\/couven-museum.de\/fr\/event\/500-ans-declat-commun\/#breadcrumb","itemListElement":[{"@type":"ListItem","position":1,"name":"Startseite","item":"https:\/\/couven-museum.de\/fr\/"},{"@type":"ListItem","position":2,"name":"Veranstaltungen","item":"https:\/\/couven-museum.de\/events\/"},{"@type":"ListItem","position":3,"name":"500 ans d\u2019\u00e9clat commun"}]},{"@type":"WebSite","@id":"https:\/\/couven-museum.de\/#website","url":"https:\/\/couven-museum.de\/","name":"Couven Museum","description":"Couven-Museum Aachen","potentialAction":[{"@type":"SearchAction","target":{"@type":"EntryPoint","urlTemplate":"https:\/\/couven-museum.de\/?s={search_term_string}"},"query-input":{"@type":"PropertyValueSpecification","valueRequired":true,"valueName":"search_term_string"}}],"inLanguage":"fr-FR"}]}},"_links":{"self":[{"href":"https:\/\/couven-museum.de\/fr\/wp-json\/wp\/v2\/tribe_events\/2654","targetHints":{"allow":["GET"]}}],"collection":[{"href":"https:\/\/couven-museum.de\/fr\/wp-json\/wp\/v2\/tribe_events"}],"about":[{"href":"https:\/\/couven-museum.de\/fr\/wp-json\/wp\/v2\/types\/tribe_events"}],"author":[{"embeddable":true,"href":"https:\/\/couven-museum.de\/fr\/wp-json\/wp\/v2\/users\/1"}],"version-history":[{"count":0,"href":"https:\/\/couven-museum.de\/fr\/wp-json\/wp\/v2\/tribe_events\/2654\/revisions"}],"wp:featuredmedia":[{"embeddable":true,"href":"https:\/\/couven-museum.de\/fr\/wp-json\/wp\/v2\/media\/1155"}],"wp:attachment":[{"href":"https:\/\/couven-museum.de\/fr\/wp-json\/wp\/v2\/media?parent=2654"}],"wp:term":[{"taxonomy":"post_tag","embeddable":true,"href":"https:\/\/couven-museum.de\/fr\/wp-json\/wp\/v2\/tags?post=2654"},{"taxonomy":"tribe_events_cat","embeddable":true,"href":"https:\/\/couven-museum.de\/fr\/wp-json\/wp\/v2\/tribe_events_cat?post=2654"}],"curies":[{"name":"wp","href":"https:\/\/api.w.org\/{rel}","templated":true}]}}