{"id":2658,"date":"2013-03-21T17:52:35","date_gmt":"2013-07-24T12:20:26","guid":{"rendered":"http:\/\/couven-museum.de\/event\/le-degrisement-de-loccident\/"},"modified":"2013-12-23T18:37:44","modified_gmt":"2013-12-23T17:37:44","slug":"le-degrisement-de-loccident","status":"publish","type":"tribe_events","link":"https:\/\/couven-museum.de\/fr\/event\/le-degrisement-de-loccident\/","title":{"rendered":"Le d\u00e9grisement de l\u2019Occident"},"content":{"rendered":"<p>Le caf\u00e9 parvint en Europe \u00e0 peu pr\u00e8s en m\u00eame temps que le th\u00e9 au XVIIe si\u00e8cle. Le caf\u00e9 \u00e9tait auparavant seulement consomm\u00e9 par les Arabes en Afrique ; le th\u00e9 provient d\u2019Asie. \u00c0 la suite de leur importation en Europe, ces deux boissons furent d\u2019abord appr\u00e9ci\u00e9es dans les cercles aristocratiques pour ensuite s\u2019\u00e9tablir au sein de la bourgeoisie. Elles remplac\u00e8rent les boissons alcoolis\u00e9es jusqu\u2019\u00e0 ce jour usuelles telles que le vin, la bi\u00e8re, l\u2019eau-de-vie, et furent accueillies comme les grands \u00ab d\u00e9grisants \u00bb. Leur popularit\u00e9 r\u00e9pondait \u00e0 l\u2019esprit des Lumi\u00e8res, qui marqua la pens\u00e9e au XVIIIe si\u00e8cle.<\/p>\n<p>La consommation de ces produits exotiques de grande valeur n\u00e9cessitait de nouveaux appareils de pr\u00e9paration et de pr\u00e9sentation. En plus du torr\u00e9facteur et du moulin \u00e0 caf\u00e9, les grandes maisons eurent en particulier besoin de vaisselle en porcelaine afin de servir le caf\u00e9 ou le th\u00e9 de fa\u00e7on conforme \u00e0 leur rang. L\u2019exposition se consacre \u00e0 la pr\u00e9sentation des bouleversements culturels occasionn\u00e9s par l\u2019arriv\u00e9e de ces nouvelles boissons chaudes ainsi que de la culture du th\u00e9 et du caf\u00e9 sous toutes ses facettes.<\/p>\n<p>Inauguration : le 3 d\u00e9cembre 2010 \u00e0 19 heures<\/p>\n<p><a href=\"http:\/\/couven-museum.de\/wp-content\/uploads\/2013\/03\/Flyer_KaffeeTee.pdf\">Brochure Caf\u00e9 th\u00e9<\/a><\/p>\n","protected":false},"excerpt":{"rendered":"<p>Le caf\u00e9 et le th\u00e9 conqui\u00e8rent l\u2019Europe. La mutation culturelle et la nouvelle culture du caf\u00e9 et du th\u00e9<\/p>\n","protected":false},"author":1,"featured_media":740,"template":"","meta":{"_acf_changed":false,"inline_featured_image":false,"_lmt_disableupdate":"","_lmt_disable":"","_tribe_events_status":"","_tribe_events_status_reason":"","_tribe_events_is_hybrid":"","_tribe_events_is_virtual":"","_tribe_events_virtual_video_source":"","_tribe_events_virtual_embed_video":"","_tribe_events_virtual_linked_button_text":"","_tribe_events_virtual_linked_button":"","_tribe_events_virtual_show_embed_at":"","_tribe_events_virtual_show_embed_to":[],"_tribe_events_virtual_show_on_event":"","_tribe_events_virtual_show_on_views":"","_tribe_events_virtual_url":"","footnotes":""},"tags":[],"tribe_events_cat":[17],"class_list":["post-2658","tribe_events","type-tribe_events","status-publish","has-post-thumbnail","hentry","tribe_events_cat-ausstellungen-fr","cat_ausstellungen-fr"],"acf":[],"yoast_head":"<!-- This site is optimized with the Yoast SEO plugin v27.2 - https:\/\/yoast.com\/product\/yoast-seo-wordpress\/ -->\n<title>Le d\u00e9grisement de l\u2019Occident - Couven Museum<\/title>\n<meta name=\"robots\" content=\"index, follow, max-snippet:-1, max-image-preview:large, max-video-preview:-1\" \/>\n<link rel=\"canonical\" href=\"https:\/\/couven-museum.de\/fr\/event\/le-degrisement-de-loccident\/\" \/>\n<meta property=\"og:locale\" content=\"fr_FR\" \/>\n<meta property=\"og:type\" content=\"article\" \/>\n<meta property=\"og:title\" content=\"Le d\u00e9grisement de l\u2019Occident - Couven Museum\" \/>\n<meta property=\"og:description\" content=\"Le caf\u00e9 et le th\u00e9 conqui\u00e8rent l\u2019Europe. La mutation culturelle et la nouvelle culture du caf\u00e9 et du th\u00e9\" \/>\n<meta property=\"og:url\" content=\"https:\/\/couven-museum.de\/fr\/event\/le-degrisement-de-loccident\/\" \/>\n<meta property=\"og:site_name\" content=\"Couven Museum\" \/>\n<meta property=\"article:modified_time\" content=\"2013-12-23T17:37:44+00:00\" \/>\n<meta property=\"og:image\" content=\"https:\/\/couven-museum.de\/wp-content\/uploads\/2013\/03\/kaffeegeschirr.jpg\" \/>\n\t<meta property=\"og:image:width\" content=\"425\" \/>\n\t<meta property=\"og:image:height\" content=\"283\" \/>\n\t<meta property=\"og:image:type\" content=\"image\/jpeg\" \/>\n<meta name=\"twitter:card\" content=\"summary_large_image\" \/>\n<meta name=\"twitter:label1\" content=\"Dur\u00e9e de lecture estim\u00e9e\" \/>\n\t<meta name=\"twitter:data1\" content=\"1 minute\" \/>\n<script type=\"application\/ld+json\" class=\"yoast-schema-graph\">{\"@context\":\"https:\/\/schema.org\",\"@graph\":[{\"@type\":\"WebPage\",\"@id\":\"https:\/\/couven-museum.de\/fr\/event\/le-degrisement-de-loccident\/\",\"url\":\"https:\/\/couven-museum.de\/fr\/event\/le-degrisement-de-loccident\/\",\"name\":\"Le d\u00e9grisement de l\u2019Occident - Couven Museum\",\"isPartOf\":{\"@id\":\"https:\/\/couven-museum.de\/#website\"},\"primaryImageOfPage\":{\"@id\":\"https:\/\/couven-museum.de\/fr\/event\/le-degrisement-de-loccident\/#primaryimage\"},\"image\":{\"@id\":\"https:\/\/couven-museum.de\/fr\/event\/le-degrisement-de-loccident\/#primaryimage\"},\"thumbnailUrl\":\"https:\/\/couven-museum.de\/wp-content\/uploads\/2013\/03\/kaffeegeschirr.jpg\",\"datePublished\":\"2013-07-24T12:20:26+00:00\",\"dateModified\":\"2013-12-23T17:37:44+00:00\",\"breadcrumb\":{\"@id\":\"https:\/\/couven-museum.de\/fr\/event\/le-degrisement-de-loccident\/#breadcrumb\"},\"inLanguage\":\"fr-FR\",\"potentialAction\":[{\"@type\":\"ReadAction\",\"target\":[\"https:\/\/couven-museum.de\/fr\/event\/le-degrisement-de-loccident\/\"]}]},{\"@type\":\"ImageObject\",\"inLanguage\":\"fr-FR\",\"@id\":\"https:\/\/couven-museum.de\/fr\/event\/le-degrisement-de-loccident\/#primaryimage\",\"url\":\"https:\/\/couven-museum.de\/wp-content\/uploads\/2013\/03\/kaffeegeschirr.jpg\",\"contentUrl\":\"https:\/\/couven-museum.de\/wp-content\/uploads\/2013\/03\/kaffeegeschirr.jpg\",\"width\":425,\"height\":283},{\"@type\":\"BreadcrumbList\",\"@id\":\"https:\/\/couven-museum.de\/fr\/event\/le-degrisement-de-loccident\/#breadcrumb\",\"itemListElement\":[{\"@type\":\"ListItem\",\"position\":1,\"name\":\"Startseite\",\"item\":\"https:\/\/couven-museum.de\/fr\/\"},{\"@type\":\"ListItem\",\"position\":2,\"name\":\"Veranstaltungen\",\"item\":\"https:\/\/couven-museum.de\/events\/\"},{\"@type\":\"ListItem\",\"position\":3,\"name\":\"Le d\u00e9grisement de l\u2019Occident\"}]},{\"@type\":\"WebSite\",\"@id\":\"https:\/\/couven-museum.de\/#website\",\"url\":\"https:\/\/couven-museum.de\/\",\"name\":\"Couven Museum\",\"description\":\"Couven-Museum Aachen\",\"potentialAction\":[{\"@type\":\"SearchAction\",\"target\":{\"@type\":\"EntryPoint\",\"urlTemplate\":\"https:\/\/couven-museum.de\/?s={search_term_string}\"},\"query-input\":{\"@type\":\"PropertyValueSpecification\",\"valueRequired\":true,\"valueName\":\"search_term_string\"}}],\"inLanguage\":\"fr-FR\"}]}<\/script>\n<!-- \/ Yoast SEO plugin. -->","yoast_head_json":{"title":"Le d\u00e9grisement de l\u2019Occident - Couven Museum","robots":{"index":"index","follow":"follow","max-snippet":"max-snippet:-1","max-image-preview":"max-image-preview:large","max-video-preview":"max-video-preview:-1"},"canonical":"https:\/\/couven-museum.de\/fr\/event\/le-degrisement-de-loccident\/","og_locale":"fr_FR","og_type":"article","og_title":"Le d\u00e9grisement de l\u2019Occident - Couven Museum","og_description":"Le caf\u00e9 et le th\u00e9 conqui\u00e8rent l\u2019Europe. La mutation culturelle et la nouvelle culture du caf\u00e9 et du th\u00e9","og_url":"https:\/\/couven-museum.de\/fr\/event\/le-degrisement-de-loccident\/","og_site_name":"Couven Museum","article_modified_time":"2013-12-23T17:37:44+00:00","og_image":[{"width":425,"height":283,"url":"https:\/\/couven-museum.de\/wp-content\/uploads\/2013\/03\/kaffeegeschirr.jpg","type":"image\/jpeg"}],"twitter_card":"summary_large_image","twitter_misc":{"Dur\u00e9e de lecture estim\u00e9e":"1 minute"},"schema":{"@context":"https:\/\/schema.org","@graph":[{"@type":"WebPage","@id":"https:\/\/couven-museum.de\/fr\/event\/le-degrisement-de-loccident\/","url":"https:\/\/couven-museum.de\/fr\/event\/le-degrisement-de-loccident\/","name":"Le d\u00e9grisement de l\u2019Occident - Couven Museum","isPartOf":{"@id":"https:\/\/couven-museum.de\/#website"},"primaryImageOfPage":{"@id":"https:\/\/couven-museum.de\/fr\/event\/le-degrisement-de-loccident\/#primaryimage"},"image":{"@id":"https:\/\/couven-museum.de\/fr\/event\/le-degrisement-de-loccident\/#primaryimage"},"thumbnailUrl":"https:\/\/couven-museum.de\/wp-content\/uploads\/2013\/03\/kaffeegeschirr.jpg","datePublished":"2013-07-24T12:20:26+00:00","dateModified":"2013-12-23T17:37:44+00:00","breadcrumb":{"@id":"https:\/\/couven-museum.de\/fr\/event\/le-degrisement-de-loccident\/#breadcrumb"},"inLanguage":"fr-FR","potentialAction":[{"@type":"ReadAction","target":["https:\/\/couven-museum.de\/fr\/event\/le-degrisement-de-loccident\/"]}]},{"@type":"ImageObject","inLanguage":"fr-FR","@id":"https:\/\/couven-museum.de\/fr\/event\/le-degrisement-de-loccident\/#primaryimage","url":"https:\/\/couven-museum.de\/wp-content\/uploads\/2013\/03\/kaffeegeschirr.jpg","contentUrl":"https:\/\/couven-museum.de\/wp-content\/uploads\/2013\/03\/kaffeegeschirr.jpg","width":425,"height":283},{"@type":"BreadcrumbList","@id":"https:\/\/couven-museum.de\/fr\/event\/le-degrisement-de-loccident\/#breadcrumb","itemListElement":[{"@type":"ListItem","position":1,"name":"Startseite","item":"https:\/\/couven-museum.de\/fr\/"},{"@type":"ListItem","position":2,"name":"Veranstaltungen","item":"https:\/\/couven-museum.de\/events\/"},{"@type":"ListItem","position":3,"name":"Le d\u00e9grisement de l\u2019Occident"}]},{"@type":"WebSite","@id":"https:\/\/couven-museum.de\/#website","url":"https:\/\/couven-museum.de\/","name":"Couven Museum","description":"Couven-Museum Aachen","potentialAction":[{"@type":"SearchAction","target":{"@type":"EntryPoint","urlTemplate":"https:\/\/couven-museum.de\/?s={search_term_string}"},"query-input":{"@type":"PropertyValueSpecification","valueRequired":true,"valueName":"search_term_string"}}],"inLanguage":"fr-FR"}]}},"_links":{"self":[{"href":"https:\/\/couven-museum.de\/fr\/wp-json\/wp\/v2\/tribe_events\/2658","targetHints":{"allow":["GET"]}}],"collection":[{"href":"https:\/\/couven-museum.de\/fr\/wp-json\/wp\/v2\/tribe_events"}],"about":[{"href":"https:\/\/couven-museum.de\/fr\/wp-json\/wp\/v2\/types\/tribe_events"}],"author":[{"embeddable":true,"href":"https:\/\/couven-museum.de\/fr\/wp-json\/wp\/v2\/users\/1"}],"version-history":[{"count":0,"href":"https:\/\/couven-museum.de\/fr\/wp-json\/wp\/v2\/tribe_events\/2658\/revisions"}],"wp:featuredmedia":[{"embeddable":true,"href":"https:\/\/couven-museum.de\/fr\/wp-json\/wp\/v2\/media\/740"}],"wp:attachment":[{"href":"https:\/\/couven-museum.de\/fr\/wp-json\/wp\/v2\/media?parent=2658"}],"wp:term":[{"taxonomy":"post_tag","embeddable":true,"href":"https:\/\/couven-museum.de\/fr\/wp-json\/wp\/v2\/tags?post=2658"},{"taxonomy":"tribe_events_cat","embeddable":true,"href":"https:\/\/couven-museum.de\/fr\/wp-json\/wp\/v2\/tribe_events_cat?post=2658"}],"curies":[{"name":"wp","href":"https:\/\/api.w.org\/{rel}","templated":true}]}}